{"id":1330,"date":"2023-09-20T16:44:01","date_gmt":"2023-09-20T14:44:01","guid":{"rendered":"https:\/\/senat.cm\/?page_id=1330"},"modified":"2026-08-07T13:03:38","modified_gmt":"2026-08-07T12:03:38","slug":"administration-du-senat","status":"publish","type":"page","link":"https:\/\/senat.cm\/?page_id=1330","title":{"rendered":"Administration du SENAT"},"content":{"rendered":"<p><section class=\"kc-elm kc-css-60701 kc_row\"><div class=\"kc-row-container  kc-container\"><div class=\"kc-wrap-columns\"><div class=\"kc-elm kc-css-218462 kc_col-sm-12 kc_column kc_col-sm-12\"><div class=\"kc-col-container\"><div class=\"kc-elm kc-css-126360\" style=\"height: 20px; clear: both; width:100%;\"><\/div><\/div><\/div><\/div><\/div><\/section><section class=\"kc-elm kc-css-88267 kc_row\"><div class=\"kc-row-container  kc-container\"><div class=\"kc-wrap-columns\"><div class=\"kc-elm kc-css-991169 kc_col-sm-4 kc_column kc_col-sm-4\"><div class=\"kc-col-container\"><div class=\"kc-elm kc-css-74851 kc_shortcode kc_single_image\">\n\n        <img decoding=\"async\" src=\"https:\/\/senat.cm\/wp-content\/uploads\/2026\/08\/1.jpg-250x400xc.jpeg\" class=\"\" alt=\"\" \/>    <\/div>\n<div class=\"kc-elm kc-css-664474 kc_text_block\"><\/p>\n<h5 style=\"text-align: center;\"><strong>M. GUSTAVE LEOPOLD NGANE<\/strong><\/h5>\n<p style=\"text-align: center;\">Secr\u00e9taire G\u00e9n\u00e9ral\u00a0<\/p>\n<p>\n<\/div><\/div><\/div><div class=\"kc-elm kc-css-182945 kc_col-sm-4 kc_column kc_col-sm-4\"><div class=\"kc-col-container\"><div class=\"kc-elm kc-css-446606 kc_shortcode kc_single_image\">\n\n        <img decoding=\"async\" src=\"https:\/\/senat.cm\/wp-content\/uploads\/2026\/08\/SGA-1-250x400xc.jpg\" class=\"\" alt=\"\" \/>    <\/div>\n<div class=\"kc-elm kc-css-86870 kc_text_block\"><\/p>\n<h5 style=\"text-align: center;\">M. AMIDOU Maurice<\/h5>\n<p style=\"text-align: center;\">Secr\u00e9taire G\u00e9n\u00e9ral Adjoint N\u00b01<\/p>\n<p>\n<\/div><\/div><\/div><div class=\"kc-elm kc-css-104901 kc_col-sm-4 kc_column kc_col-sm-4\"><div class=\"kc-col-container\"><div class=\"kc-elm kc-css-7677 kc_shortcode kc_single_image\">\n\n        <img decoding=\"async\" src=\"https:\/\/senat.cm\/wp-content\/uploads\/2023\/09\/3-Mme-Florence-AWASOM-scaled-250x400xc.jpg\" class=\"\" alt=\"\" \/>    <\/div>\n<div class=\"kc-elm kc-css-607154 kc_text_block\"><\/p>\n<h5 style=\"text-align: center;\"><strong>Mme Florence AWASOM<\/strong><\/h5>\n<p style=\"text-align: center;\">Secr\u00e9taire G\u00e9n\u00e9ral Adjoint N\u00b02<\/p>\n<p>\n<\/div><\/div><\/div><\/div><\/div><\/section><section class=\"kc-elm kc-css-644700 kc_row\"><div class=\"kc-row-container  kc-container\"><div class=\"kc-wrap-columns\"><div class=\"kc-elm kc-css-94820 kc_col-sm-12 kc_column kc_col-sm-12\"><div class=\"kc-col-container\"><div class=\"kc-elm kc-css-878992\" style=\"height: 70px; clear: both; width:100%;\"><\/div><\/div><\/div><\/div><\/div><\/section><section class=\"kc-elm kc-css-419916 kc_row\"><div class=\"kc-row-container  kc-container\"><div class=\"kc-wrap-columns\"><div class=\"kc-elm kc-css-331801 kc_col-of-5 kc_column kc_col-of-5\"><div class=\"kc-col-container\"><div class=\"kc-elm kc-css-339022 kc_shortcode kc_single_image\">\n\n        <img decoding=\"async\" src=\"https:\/\/senat.cm\/wp-content\/uploads\/2026\/08\/Kamga.jpg\" class=\"\" alt=\"\" \/>    <\/div>\n<div class=\"kc-elm kc-css-649084 kc_text_block\"><\/p>\n<h5 style=\"text-align: center;\">M. KAMGA SOBNGWI Jules Raymond<\/h5>\n<p style=\"text-align: center;\">Conseiller Technique<\/p>\n<p>\n<\/div><\/div><\/div><div class=\"kc-elm kc-css-432303 kc_col-of-5 kc_column kc_col-of-5\"><div class=\"kc-col-container\"><div class=\"kc-elm kc-css-67036 kc_shortcode kc_single_image\">\n\n        <img decoding=\"async\" src=\"https:\/\/senat.cm\/wp-content\/uploads\/2026\/08\/NDONGO-NGANE-Guinaire-Jisell.jpg\" class=\"\" alt=\"\" \/>    <\/div>\n<div class=\"kc-elm kc-css-813656 kc_text_block\"><\/p>\n<h5 style=\"text-align: center;\">NDONGO NGANE Guinaire Jisell<\/h5>\n<p style=\"text-align: center;\">Conseiller Technique\u00a0<\/p>\n<p>\n<\/div><\/div><\/div><div class=\"kc-elm kc-css-393247 kc_col-of-5 kc_column kc_col-of-5\"><div class=\"kc-col-container\"><div class=\"kc-elm kc-css-254103 kc_shortcode kc_single_image\">\n\n        <img decoding=\"async\" src=\"https:\/\/senat.cm\/wp-content\/uploads\/2026\/08\/Medouane.jpg\" class=\"\" alt=\"\" \/>    <\/div>\n<div class=\"kc-elm kc-css-989120 kc_text_block\"><\/p>\n<h5 style=\"text-align: center;\">Dr. MEDOUANE AWOLE EDWIGE URSULE epse ETOGA<\/h5>\n<p style=\"text-align: center;\">Conseiller Technique<\/p>\n<p>\n<\/div><\/div><\/div><div class=\"kc-elm kc-css-743458 kc_col-of-5 kc_column kc_col-of-5\"><div class=\"kc-col-container\"><div class=\"kc-elm kc-css-390392 kc_shortcode kc_single_image\">\n\n        <img decoding=\"async\" src=\"https:\/\/senat.cm\/wp-content\/uploads\/2026\/08\/WhatsApp-Image-2026-08-05-at-12.01.55.jpeg\" class=\"\" alt=\"\" \/>    <\/div>\n<div class=\"kc-elm kc-css-534714 kc_text_block\"><\/p>\n<h5 style=\"text-align: center;\">NWENTESI AJIJATOU Mariambe<\/h5>\n<p style=\"text-align: center;\">Conseiller Technique<\/p>\n<p>\n<\/div><\/div><\/div><div class=\"kc-elm kc-css-801648 kc_col-of-5 kc_column kc_col-of-5\"><div class=\"kc-col-container\"><div class=\"kc-elm kc-css-546058 kc_shortcode kc_single_image\">\n\n        <img decoding=\"async\" src=\"https:\/\/senat.cm\/wp-content\/uploads\/2026\/08\/white-photo.jpg\" class=\"\" alt=\"\" \/>    <\/div>\n<div class=\"kc-elm kc-css-565848 kc_text_block\"><\/p>\n<h5 style=\"text-align: center;\">AISSATOU HAYATOU<\/h5>\n<p style=\"text-align: center;\">Conseiller Technique<\/p>\n<p>\n<\/div><\/div><\/div><\/div><\/div><\/section><section class=\"kc-elm kc-css-19911 kc_row\"><div class=\"kc-row-container  kc-container\"><div class=\"kc-wrap-columns\"><div class=\"kc-elm kc-css-558551 kc_col-sm-12 kc_column kc_col-sm-12\"><div class=\"kc-col-container\"><div class=\"kc-elm kc-css-766697\" style=\"height: 70px; clear: both; width:100%;\"><\/div><\/div><\/div><\/div><\/div><\/section><section class=\"kc-elm kc-css-195655 kc_row\"><div class=\"kc-row-container  kc-container\"><div class=\"kc-wrap-columns\"><div class=\"kc-elm kc-css-663563 kc_col-sm-4 kc_column kc_col-sm-4\"><div class=\"kc-col-container\"><div class=\"kc-elm kc-css-542976 kc_shortcode kc_single_image\">\n\n        <img decoding=\"async\" src=\"https:\/\/senat.cm\/wp-content\/uploads\/2026\/08\/ATANGANA-Yolande-250x400xc.jpg\" class=\"\" alt=\"\" \/>    <\/div>\n<div class=\"kc-elm kc-css-96126 kc_text_block\"><\/p>\n<h5 style=\"text-align: center;\">ATANGANA epse NDI MINYA Yolande Alphonsine<\/h5>\n<p style=\"text-align: center;\">Charg\u00e9e de Mission<\/p>\n<p>\n<\/div><\/div><\/div><div class=\"kc-elm kc-css-619560 kc_col-sm-4 kc_column kc_col-sm-4\"><div class=\"kc-col-container\"><div class=\"kc-elm kc-css-467532 kc_shortcode kc_single_image\">\n\n        <img decoding=\"async\" src=\"https:\/\/senat.cm\/wp-content\/uploads\/2026\/08\/WhatsApp-Image-2026-08-05-at-12.04.59-250x400xc.jpg\" class=\"\" alt=\"\" \/>    <\/div>\n<div class=\"kc-elm kc-css-834694 kc_text_block\"><\/p>\n<h5 style=\"text-align: center;\">M. KEUTCHA Cyrille<\/h5>\n<p style=\"text-align: center;\">Charg\u00e9 de Mission<\/p>\n<p>\n<\/div><\/div><\/div><div class=\"kc-elm kc-css-710091 kc_col-sm-4 kc_column kc_col-sm-4\"><div class=\"kc-col-container\"><div class=\"kc-elm kc-css-612522 kc_shortcode kc_single_image\">\n\n        <img decoding=\"async\" src=\"https:\/\/senat.cm\/wp-content\/uploads\/2026\/08\/WhatsApp-Image-2026-08-05-at-12.06.19-250x400xc.jpg\" class=\"\" alt=\"\" \/>    <\/div>\n<div class=\"kc-elm kc-css-507975 kc_text_block\"><\/p>\n<h5 style=\"text-align: center;\">M. AMADOU ADAMA<\/h5>\n<p style=\"text-align: center;\">Charg\u00e9 de Mission<\/p>\n<p>\n<\/div><\/div><\/div><\/div><\/div><\/section><section class=\"kc-elm kc-css-318879 kc_row\"><div class=\"kc-row-container  kc-container\"><div class=\"kc-wrap-columns\"><div class=\"kc-elm kc-css-869181 kc_col-sm-12 kc_column kc_col-sm-12\"><div class=\"kc-col-container\"><div class=\"kc-elm kc-css-117943\" style=\"height: 70px; clear: both; width:100%;\"><\/div><\/div><\/div><\/div><\/div><\/section><section class=\"kc-elm kc-css-947998 kc_row\"><div class=\"kc-row-container  kc-container\"><div class=\"kc-wrap-columns\"><div class=\"kc-elm kc-css-982595 kc_col-of-5 kc_column kc_col-of-5\"><div class=\"kc-col-container\"><div class=\"kc-elm kc-css-280021 kc_shortcode kc_single_image\">\n\n        <img decoding=\"async\" src=\"https:\/\/senat.cm\/wp-content\/uploads\/2026\/08\/Abdoulaye.jpg\" class=\"\" alt=\"\" \/>    <\/div>\n<div class=\"kc-elm kc-css-566243 kc_text_block\"><\/p>\n<h5 style=\"text-align: center;\">M. ABDOULAYE BABBA YOUSSOUFA<\/h5>\n<p style=\"text-align: center;\">Directeur de la L\u00e9gislation<\/p>\n<p>\n<\/div><\/div><\/div><div class=\"kc-elm kc-css-487402 kc_col-of-5 kc_column kc_col-of-5\"><div class=\"kc-col-container\"><div class=\"kc-elm kc-css-482851 kc_shortcode kc_single_image\">\n\n        <img decoding=\"async\" src=\"https:\/\/senat.cm\/wp-content\/uploads\/2026\/08\/Mimbang.jpg\" class=\"\" alt=\"\" \/>    <\/div>\n<div class=\"kc-elm kc-css-806497 kc_text_block\"><\/p>\n<h5 style=\"text-align: center;\">M. MIMBANG Steve Herman<\/h5>\n<p style=\"text-align: center;\">Directeur de l&#8217;Observatoire des Collectivit\u00e9s Territoriales D\u00e9centralis\u00e9es<\/p>\n<p>\n<\/div><\/div><\/div><div class=\"kc-elm kc-css-166237 kc_col-of-5 kc_column kc_col-of-5\"><div class=\"kc-col-container\"><div class=\"kc-elm kc-css-200582 kc_shortcode kc_single_image\">\n\n        <img decoding=\"async\" src=\"https:\/\/senat.cm\/wp-content\/uploads\/2026\/08\/Mme-NGONO.jpg\" class=\"\" alt=\"\" \/>    <\/div>\n<div class=\"kc-elm kc-css-200442 kc_text_block\"><\/p>\n<h5 style=\"text-align: center;\">Mme. NGONO epse NGOURAN Irene<\/h5>\n<p style=\"text-align: center;\">Directeur des Affaires Linguistiques et de la Transcription\u00a0<\/p>\n<p>\n<\/div><\/div><\/div><div class=\"kc-elm kc-css-871486 kc_col-of-5 kc_column kc_col-of-5\"><div class=\"kc-col-container\"><div class=\"kc-elm kc-css-610006 kc_shortcode kc_single_image\">\n\n        <img decoding=\"async\" src=\"https:\/\/senat.cm\/wp-content\/uploads\/2026\/08\/ASHU.jpg\" class=\"\" alt=\"\" \/>    <\/div>\n<div class=\"kc-elm kc-css-824919 kc_text_block\"><\/p>\n<h5 style=\"text-align: center;\">Mme. ASHU Sarah BESSEM<\/h5>\n<p style=\"text-align: center;\">Directeur de l&#8217;Information Documentaire<\/p>\n<p>\n<\/div><\/div><\/div><div class=\"kc-elm kc-css-958192 kc_col-of-5 kc_column kc_col-of-5\"><div class=\"kc-col-container\"><div class=\"kc-elm kc-css-736556 kc_shortcode kc_single_image\">\n\n        <img decoding=\"async\" src=\"https:\/\/senat.cm\/wp-content\/uploads\/2026\/08\/WhatsApp-Image-2026-08-05-at-12.01.17.jpeg\" class=\"\" alt=\"\" \/>    <\/div>\n<div class=\"kc-elm kc-css-241803 kc_text_block\"><\/p>\n<h5 style=\"text-align: center;\">M. YAYA MOUSSA<\/h5>\n<p style=\"text-align: center;\">Directeur du Patrimoine<\/p>\n<p>\n<\/div><\/div><\/div><\/div><\/div><\/section><section class=\"kc-elm kc-css-988275 kc_row\"><div class=\"kc-row-container  kc-container\"><div class=\"kc-wrap-columns\"><div class=\"kc-elm kc-css-73902 kc_col-sm-2 kc_column kc_col-sm-2\"><div class=\"kc-col-container\"><div class=\"kc-elm kc-css-176091 kc_shortcode kc_single_image\">\n\n        <img decoding=\"async\" src=\"https:\/\/senat.cm\/wp-content\/uploads\/2026\/08\/Malongo-Rachel.jpg\" class=\"\" alt=\"\" \/>    <\/div>\n<div class=\"kc-elm kc-css-590035 kc_text_block\"><\/p>\n<h5 style=\"text-align: center;\">Mme. Rachel Octavie NDJOG MALONGO<\/h5>\n<p style=\"text-align: center;\">Directeur des Relations Publiques et Internationales<\/p>\n<p>\n<\/div><\/div><\/div><div class=\"kc-elm kc-css-348437 kc_col-sm-2 kc_column kc_col-sm-2\"><div class=\"kc-col-container\"><div class=\"kc-elm kc-css-628209 kc_shortcode kc_single_image\">\n\n        <img decoding=\"async\" src=\"https:\/\/senat.cm\/wp-content\/uploads\/2026\/08\/WhatsApp-Image-2026-08-05-at-12.37.22.jpeg\" class=\"\" alt=\"\" \/>    <\/div>\n<div class=\"kc-elm kc-css-263447 kc_text_block\"><\/p>\n<h5 style=\"text-align: center;\">M. EBOTO Yvon<\/h5>\n<p style=\"text-align: center;\">\u00a0Directeur du Budget et de la Solde<\/p>\n<p>\n<\/div><\/div><\/div><div class=\"kc-elm kc-css-710321 kc_col-sm-2 kc_column kc_col-sm-2\"><div class=\"kc-col-container\"><div class=\"kc-elm kc-css-593912 kc_shortcode kc_single_image\">\n\n        <img decoding=\"async\" src=\"https:\/\/senat.cm\/wp-content\/uploads\/2026\/08\/WhatsApp-Image-2026-08-05-at-12.05.48-200x300.jpeg\" class=\"\" alt=\"\" \/>    <\/div>\n<div class=\"kc-elm kc-css-312196 kc_text_block\"><\/p>\n<h5 style=\"text-align: center;\">Mme. Fadimatou NDAM NDAM<\/h5>\n<p style=\"text-align: center;\">Agence Comptable<\/p>\n<p>\n<\/div><\/div><\/div><div class=\"kc-elm kc-css-68759 kc_col-sm-2 kc_column kc_col-sm-2\"><div class=\"kc-col-container\"><div class=\"kc-elm kc-css-957146 kc_shortcode kc_single_image\">\n\n        <img decoding=\"async\" src=\"https:\/\/senat.cm\/wp-content\/uploads\/2026\/08\/WhatsApp-Image-2026-08-05-at-12.07.29.jpeg\" class=\"\" alt=\"\" \/>    <\/div>\n<div class=\"kc-elm kc-css-654403 kc_text_block\"><\/p>\n<h5 style=\"text-align: center;\">Dr. EVINA MEDJOTO Ryther<\/h5>\n<p style=\"text-align: center;\">Directeur des Ressources Humaines<\/p>\n<p>\n<\/div><\/div><\/div><div class=\"kc-elm kc-css-935772 kc_col-sm-2 kc_column kc_col-sm-2\"><div class=\"kc-col-container\"><div class=\"kc-elm kc-css-407086 kc_shortcode kc_single_image\">\n\n        <img decoding=\"async\" src=\"https:\/\/senat.cm\/wp-content\/uploads\/2026\/08\/WhatsApp-Image-2026-08-05-at-12.02.19.jpeg\" class=\"\" alt=\"\" \/>    <\/div>\n<div class=\"kc-elm kc-css-568364 kc_text_block\"><\/p>\n<h5 style=\"text-align: center;\">Pr. NGADIFNA MOUMAWA Charles<\/h5>\n<p style=\"text-align: center;\">Directeur de l&#8217;Action Sociale et M\u00e9dicale<\/p>\n<p>\n<\/div><\/div><\/div><div class=\"kc-elm kc-css-390808 kc_col-sm-2 kc_column kc_col-sm-2\"><div class=\"kc-col-container\"><div class=\"kc-elm kc-css-93931 kc_shortcode kc_single_image\">\n\n        <img decoding=\"async\" src=\"https:\/\/senat.cm\/wp-content\/uploads\/2026\/08\/WhatsApp-Image-2026-08-05-at-12.39.59.jpeg\" class=\"\" alt=\"\" \/>    <\/div>\n<div class=\"kc-elm kc-css-215377 kc_text_block\"><\/p>\n<h5 style=\"text-align: center;\">M. TCHANTCHOU Henri<\/h5>\n<p style=\"text-align: center;\">Directeur des Affaires Juridiques<\/p>\n<p>\n<\/div><\/div><\/div><\/div><\/div><\/section><section class=\"kc-elm kc-css-44196 kc_row\"><div class=\"kc-row-container  kc-container\"><div class=\"kc-wrap-columns\"><div class=\"kc-elm kc-css-807785 kc_col-of-5 kc_column kc_col-of-5\"><div class=\"kc-col-container\"><div class=\"kc-elm kc-css-708179 kc_shortcode kc_single_image\">\n\n        <img decoding=\"async\" src=\"https:\/\/senat.cm\/wp-content\/uploads\/2023\/09\/NGADIFNA-Directeur-de-lAction-Sociale-et-Medicale-scaled.jpg\" class=\"\" alt=\"\" \/>    <\/div>\n<div class=\"kc-elm kc-css-887301 kc_text_block\"><\/p>\n<h5 style=\"text-align: center;\">NGADIFNA<\/h5>\n<p style=\"text-align: center;\">Directeur de l&#8217;Action Sociale et M\u00e9dicale<\/p>\n<p>\n<\/div><\/div><\/div><div class=\"kc-elm kc-css-732217 kc_col-of-5 kc_column kc_col-of-5\"><div class=\"kc-col-container\"><div class=\"kc-elm kc-css-609546 kc_shortcode kc_single_image\">\n\n        <img decoding=\"async\" src=\"https:\/\/senat.cm\/wp-content\/uploads\/2023\/09\/SADOU-DAOUDOU-Directeur-des-services-techniques-communs-1-300x200.jpg\" class=\"\" alt=\"\" \/>    <\/div>\n<div class=\"kc-elm kc-css-392651 kc_text_block\"><\/p>\n<h5 style=\"text-align: center;\">SADOU DAOUDOU<\/h5>\n<p style=\"text-align: center;\">Directeur des Services Techniques Communs<\/p>\n<p>\n<\/div><\/div><\/div><div class=\"kc-elm kc-css-271451 kc_col-of-5 kc_column kc_col-of-5\"><div class=\"kc-col-container\"><div class=\"kc-elm kc-css-594582 kc_shortcode kc_single_image\">\n\n        <img decoding=\"async\" src=\"https:\/\/senat.cm\/wp-content\/uploads\/2023\/09\/ASHU-Sarah-BESSEM-Directeur-de-la-documentation-des-archives-et-de-la-recherche-parlementaire-1-scaled.jpg\" class=\"\" alt=\"\" \/>    <\/div>\n<div class=\"kc-elm kc-css-115019 kc_text_block\"><\/p>\n<h5 style=\"text-align: center;\">ASHU Sarah BESSEM<\/h5>\n<p style=\"text-align: center;\">Directeur de la documentation des archives et de la recherche parlementaire<\/p>\n<p>\n<\/div><\/div><\/div><div class=\"kc-elm kc-css-92779 kc_col-of-5 kc_column kc_col-of-5\"><div class=\"kc-col-container\"><div class=\"kc-elm kc-css-778494 kc_shortcode kc_single_image\">\n\n        <img decoding=\"async\" src=\"https:\/\/senat.cm\/wp-content\/uploads\/2023\/09\/ESAA-BOB-Marcelle-epse-Wambo-Agent-Comptable-scaled.jpg\" class=\"\" alt=\"\" \/>    <\/div>\n<div class=\"kc-elm kc-css-560768 kc_text_block\"><\/p>\n<h5 style=\"text-align: center;\">ESAA BOB Marcelle epse Wambo<\/h5>\n<p style=\"text-align: center;\">Agent Comptable<\/p>\n<p>\n<\/div><\/div><\/div><div class=\"kc-elm kc-css-986765 kc_col-of-5 kc_column kc_col-of-5\"><div class=\"kc-col-container\"><div class=\"kc-elm kc-css-139259 kc_shortcode kc_single_image\">\n\n        <img decoding=\"async\" src=\"https:\/\/senat.cm\/wp-content\/uploads\/2023\/09\/TCHANTCHOU-Henri-Directeur-des-collectivites-territoriales-decentralisees-150x150.jpg\" class=\"\" alt=\"\" \/>    <\/div>\n<div class=\"kc-elm kc-css-644383 kc_text_block\"><\/p>\n<h5 style=\"text-align: center;\">TCHANTCHOU Henri<\/h5>\n<p style=\"text-align: center;\">Directeur des collectivit\u00e9s territoriales d\u00e9centralis\u00e9es<\/p>\n<p>\n<\/div><\/div><\/div><\/div><\/div><\/section><section class=\"kc-elm kc-css-187379 kc_row\"><div class=\"kc-row-container  kc-container\"><div class=\"kc-wrap-columns\"><div class=\"kc-elm kc-css-843441 kc_col-sm-12 kc_column kc_col-sm-12\"><div class=\"kc-col-container\"><div class=\"kc-elm kc-css-78393\" style=\"height: 40px; clear: both; width:100%;\"><\/div><\/div><\/div><\/div><\/div><\/section><section class=\"kc-elm kc-css-142195 kc_row\"><div class=\"kc-row-container  kc-container\"><div class=\"kc-wrap-columns\"><div class=\"kc-elm kc-css-864229 kc_col-sm-12 kc_column kc_col-sm-12\"><div class=\"kc-col-container\">\n<div class=\"kc-elm kc-css-483345 kc-title-wrap \">\n\n\t<h1 class=\"kc_title\">Le secr\u00e9tariat G\u00e9n\u00e9ral du S\u00e9nat<\/h1>\n<\/div>\n<div class=\"kc-elm kc-css-905341 kc_text_block\"><\/p>\n<p><strong>C\u2019est l\u2019Arr\u00eat\u00e9 du Bureau N\u00b02026\/134\/AB\/SEN DU 22 juillet 2026 qui porte organisation administrative des services du secr\u00e9tariat g\u00e9n\u00e9ral du S\u00e9nat.<\/strong><\/p>\n<p><strong>Le Secr\u00e9tariat G\u00e9n\u00e9ral du S\u00e9nat\u00a0 est sous la responsabilit\u00e9\u00a0 et l\u2019autorit\u00e9 hi\u00e9rarchique d\u2019un Secr\u00e9taire G\u00e9n\u00e9ral assist\u00e9 de deux (02) Secr\u00e9taires G\u00e9n\u00e9raux Adjoints.<\/strong><\/p>\n<p><strong>Le Secr\u00e9taire G\u00e9n\u00e9ral du S\u00e9nat est les conseiller juridique et parlementaire du S\u00e9nat. Il assiste le Bureau, le Pr\u00e9sident du S\u00e9nat et les S\u00e9nateurs dans l\u2019accomplissement de leurs missions.<\/strong><\/p>\n<p><strong>A ce titre, il\u00a0:<\/strong><\/p>\n<ul>\n<li><strong>Re\u00e7oit du Bureau et du Pr\u00e9sident du S\u00e9nat toutes les directives relatives au bon fonctionnement du S\u00e9nat\u00a0;<\/strong><\/li>\n<li><strong>&#8211; Pr\u00e9pare les r\u00e9unions du Bureau du S\u00e9nat auxquelles il assite en qualit\u00e9 de membre <em>ex-officio<\/em>;<\/strong><\/li>\n<li><strong>&#8211; Enregistre les actes du Bureau et ceux du Pr\u00e9sident du S\u00e9nat ;<\/strong><\/li>\n<li><strong>&#8211; Veille \u00e0 l\u2019ex\u00e9cution des d\u00e9cisions prisses par le Bureau et celles prises par le Pr\u00e9sident du S\u00e9nat ;<\/strong><\/li>\n<li><strong>Instruit les affaires dont le Bureau et le Pr\u00e9sident du S\u00e9nat sont saisis\u00a0;<\/strong><\/li>\n<li><strong>&#8211; Assure la liaison avec l\u2019Assembl\u00e9e Nationale et les autres institutions de la R\u00e9publique ;<\/strong><\/li>\n<li><strong>&#8211; Assure le suivi des relations interparlementaires et internationales en rapport avec le Cabinet du Pr\u00e9sident du S\u00e9nat.<\/strong><\/li>\n<\/ul>\n<p><strong>Le Secr\u00e9taire G\u00e9n\u00e9ral du S\u00e9nat assure la gestion administrative de tous les services du S\u00e9nat, \u00e0 l\u2019exception de ceux relevant du Cabinet du Pr\u00e9sident du S\u00e9nat. A ce titre, il assure particuli\u00e8rement\u00a0:<\/strong><\/p>\n<ul>\n<li><strong>&#8211; La coordination de l\u2019action de tous les services administratifs et techniques ;<\/strong><\/li>\n<li><strong>&#8211; La pr\u00e9paration et la conduite mat\u00e9rielle des activit\u00e9s du S\u00e9nat ;<\/strong><\/li>\n<li><strong>&#8211; La gestion administrative des S\u00e9nateurs, des personnels, et du patrimoine du S\u00e9nat ;<\/strong><\/li>\n<li><strong>&#8211; La pr\u00e9paration du projet du budget du S\u00e9nat, en concertation avec les Questeurs ;<\/strong><\/li>\n<li><strong>&#8211; La gestion du budget du S\u00e9nat ;<\/strong><\/li>\n<li><strong>&#8211; La tenue et la conservation des archives du S\u00e9nat.<\/strong><\/li>\n<li><strong>Le Secr\u00e9taire G\u00e9n\u00e9ral du S\u00e9nat est assist\u00e9 de deux Secr\u00e9taires G\u00e9n\u00e9raux Adjoints ayant rang et pr\u00e9rogatives de Secr\u00e9taire du Bureau.<\/strong><\/li>\n<\/ul>\n<p class=\"MsoNormal\" style=\"margin: 0cm 0cm 0.0001pt; line-height: normal; font-size: 11pt; font-family: Calibri, sans-serif; color: #000000; text-align: justify;\"><span lang=\"FR\" style=\"font-size: 14pt; font-family: 'Times New Roman', serif;\">Les Secr\u00e9taires G\u00e9n\u00e9raux Adjoints, collaborateurs directs du Secr\u00e9taire G\u00e9n\u00e9ral, assurent, sous l\u2019autorit\u00e9 de celui-ci, l\u2019instruction des affaires relevant de la comp\u00e9tence des Services du Secr\u00e9tariat G\u00e9n\u00e9ral.<\/span><\/p>\n<p class=\"MsoNormal\" style=\"margin: 0cm 0cm 0.0001pt; line-height: normal; font-size: 11pt; font-family: Calibri, sans-serif; color: #000000; text-align: justify;\"><span lang=\"FR\" style=\"font-size: 14pt; font-family: 'Times New Roman', serif;\">Le Secr\u00e9taire G\u00e9n\u00e9ral peut donner aux Secr\u00e9taires G\u00e9n\u00e9raux Adjoints d\u00e9l\u00e9gation de signature ou mission de suivre les activit\u00e9s de certains services.<\/span><\/p>\n<p class=\"MsoNormal\" style=\"margin: 0cm 0cm 0.0001pt; line-height: normal; font-size: 11pt; font-family: Calibri, sans-serif; color: #000000; text-align: justify;\"><span lang=\"FR\" style=\"font-size: 14pt; font-family: 'Times New Roman', serif;\">En cas d\u2019absence du Secr\u00e9taire G\u00e9n\u00e9ral, celui-ci d\u00e9signe, apr\u00e8s avis du Pr\u00e9sident du Bureau du S\u00e9nat, l\u2019un des Secr\u00e9taires G\u00e9n\u00e9raux Adjoints pour assurer l\u2019exp\u00e9dition des affaires courantes du Secr\u00e9tariat G\u00e9n\u00e9ral.<\/span><\/p>\n<p>\n<\/div><\/div><\/div><\/div><\/div><\/section><section class=\"kc-elm kc-css-957342 kc_row\"><div class=\"kc-row-container  kc-container\"><div class=\"kc-wrap-columns\"><div class=\"kc-elm kc-css-63638 kc_col-sm-12 kc_column kc_col-sm-12\"><div class=\"kc-col-container\"><div class=\"kc-elm kc-css-572833\" style=\"height: 40px; clear: both; width:100%;\"><\/div><\/div><\/div><\/div><\/div><\/section><section class=\"kc-elm kc-css-15310 kc_row\"><div class=\"kc-row-container  kc-container\"><div class=\"kc-wrap-columns\"><div class=\"kc-elm kc-css-914121 kc_col-sm-12 kc_column kc_col-sm-12\"><div class=\"kc-col-container\"><div class=\"kc-elm kc-css-872353 kc_accordion_wrapper\">\n    <h3 class=\"kc-accordion-title\">Des services du Secr\u00e9tariat G\u00e9n\u00e9ral du S\u00e9nat<\/h3>\n<div class=\"kc-elm kc-css-400210 kc_accordion_section group \"><h3 class=\"kc_accordion_header ui-accordion-header\"><span class=\"ui-accordion-header-icon ui-icon\"><\/span><a href=\"#1-les-conseillers-techniques-les-charges-de-missions-les-attaches\" data-prevent=\"scroll\"><i class=\"\"><\/i> 1-\tLes Conseillers Techniques , les Charg\u00e9s de Missions, les Attach\u00e9s<\/a><\/h3><div class=\"kc_accordion_content ui-accordion-content kc_clearfix\"><div class=\"kc-panel-body\"><div class=\"kc-elm kc-css-318047 kc_text_block\"><\/p>\n<p>Les Conseillers techniques, les charg\u00e9s de Mission et les attach\u00e9s, effectuent tous les travaux qui leur sont confi\u00e9s par le Secr\u00e9taire g\u00e9n\u00e9ral ou les secr\u00e9taires g\u00e9n\u00e9raux adjoints.<\/p>\n<p>\n<\/div><\/div><\/div><\/div><div class=\"kc-elm kc-css-926992 kc_accordion_section group \"><h3 class=\"kc_accordion_header ui-accordion-header\"><span class=\"ui-accordion-header-icon ui-icon\"><\/span><a href=\"#2-les-charges-detudes-et-les-charges-detudes-assistants\" data-prevent=\"scroll\"><i class=\"\"><\/i> 2-\tLes charg\u00e9s d\u2019Etudes et les charg\u00e9s d\u2019Etudes Assistants <\/a><\/h3><div class=\"kc_accordion_content ui-accordion-content kc_clearfix\"><div class=\"kc-panel-body\"><div class=\"kc-elm kc-css-300573 kc_text_block\"><\/p>\n<p>Les charg\u00e9s d\u2019Etudes et les charg\u00e9s d\u2019Etudes Assistants m\u00e8nent les \u00e9tudes et effectuent les travaux qui leurs sont confi\u00e9s par les conseillers techniques, les charg\u00e9s de Mission, les Attach\u00e9s, ou les Directeurs.<\/p>\n<p>\n<\/div><\/div><\/div><\/div><div class=\"kc-elm kc-css-903807 kc_accordion_section group \"><h3 class=\"kc_accordion_header ui-accordion-header\"><span class=\"ui-accordion-header-icon ui-icon\"><\/span><a href=\"#3-du-secretariat-particulier-du-secretaire-general\" data-prevent=\"scroll\"><i class=\"\"><\/i> 3-\tDu Secr\u00e9tariat Particulier du Secr\u00e9taire G\u00e9n\u00e9ral<\/a><\/h3><div class=\"kc_accordion_content ui-accordion-content kc_clearfix\"><div class=\"kc-panel-body\"><div class=\"kc-elm kc-css-663156 kc_text_block\"><\/p>\n<p class=\"MsoNormal\" style=\"text-align: justify;\"><span style=\"font-size: 14.0pt; line-height: 115%; font-family: 'Times New Roman',serif; mso-ansi-language: FR-CM;\">Le Secr\u00e9taire G\u00e9n\u00e9ral du S\u00e9nat dispose d\u2019un secr\u00e9tariat particulier. Sous l\u2019autorit\u00e9 d\u2019un Chef de Secr\u00e9tariat particulier, le Secr\u00e9tariat Particulier suit les affaires r\u00e9serv\u00e9es du Secr\u00e9taire G\u00e9n\u00e9ral. <\/span><\/p>\n<p>\n<\/div><\/div><\/div><\/div><div class=\"kc-elm kc-css-712678 kc_accordion_section group \"><h3 class=\"kc_accordion_header ui-accordion-header\"><span class=\"ui-accordion-header-icon ui-icon\"><\/span><a href=\"#4-les-services-rattaches-au-secretariat-general\" data-prevent=\"scroll\"><i class=\"\"><\/i> 4-\tLes Services Rattach\u00e9s au Secr\u00e9tariat G\u00e9n\u00e9ral<\/a><\/h3><div class=\"kc_accordion_content ui-accordion-content kc_clearfix\"><div class=\"kc-panel-body\"><div class=\"kc-elm kc-css-903582 kc_text_block\"><\/p>\n<p>Les Services Rattach\u00e9s au Secr\u00e9tariat G\u00e9n\u00e9ral rel\u00e8vent directement de l\u2019autorit\u00e9 du Secr\u00e9taire G\u00e9n\u00e9ral du S\u00e9nat. Ils comptent:<\/p>\n<ul>\n<li>&#8211; Le Service du Courrier ;<\/li>\n<li>\u00a0<\/li>\n<li>&#8211; Les Bureaux de Liaison \u00e0 l\u2019Etranger.<\/li>\n<\/ul>\n<p>\n<\/div><\/div><\/div><\/div><div class=\"kc-elm kc-css-787282 kc_accordion_section group \"><h3 class=\"kc_accordion_header ui-accordion-header\"><span class=\"ui-accordion-header-icon ui-icon\"><\/span><a href=\"#5-la-direction-de-la-legislation\" data-prevent=\"scroll\"><i class=\"\"><\/i> 5-\tLa Direction de la L\u00e9gislation<\/a><\/h3><div class=\"kc_accordion_content ui-accordion-content kc_clearfix\"><div class=\"kc-panel-body\"><div class=\"kc-elm kc-css-641587 kc_text_block\"><\/p>\n<p>Elle est charg\u00e9e\u00a0:<\/p>\n<ul>\n<li>&#8211; Des \u00e9tudes et travaux li\u00e9s \u00e0 la proc\u00e9dure l\u00e9gislative et aux activit\u00e9s parlementaires ;<\/li>\n<li>&#8211; Des moyens d\u2019information et de contr\u00f4le de l\u2019action du gouvernement ;<\/li>\n<li>&#8211; Des questions li\u00e9es \u00e0 l\u2019application du R\u00e8glement Int\u00e9rieur du S\u00e9nat ;<\/li>\n<li>&#8211; De la proc\u00e9dure des documents de proc\u00e9dure ;<\/li>\n<li>&#8211; De l\u2019organisation et du suivi de la navette parlementaire ;<\/li>\n<li>&#8211; De la r\u00e9daction des rapports, proc\u00e8s-verbaux et comptes rendus ;<\/li>\n<li>&#8211; De l\u2019organisation du D\u00e9bat d\u2019Orientation Budg\u00e9taire .<\/li>\n<\/ul>\n<p>\n<\/div><\/div><\/div><\/div><div class=\"kc-elm kc-css-579007 kc_accordion_section group \"><h3 class=\"kc_accordion_header ui-accordion-header\"><span class=\"ui-accordion-header-icon ui-icon\"><\/span><a href=\"#6-observatoire-des-collectivites-territoriales-decentralisees\" data-prevent=\"scroll\"><i class=\"\"><\/i> 6-\t Observatoire des Collectivit\u00e9s Territoriales D\u00e9centralis\u00e9es ;<\/a><\/h3><div class=\"kc_accordion_content ui-accordion-content kc_clearfix\"><div class=\"kc-panel-body\"><div class=\"kc-elm kc-css-904886 kc_text_block\"><\/p>\n<p>L\u2019Observation des collectivit\u00e9s territoriales d\u00e9centralis\u00e9es suit la mise en \u0153uvre de la mission constitutionnelle de repr\u00e9sentation des collectivit\u00e9s territoriales d\u00e9centralis\u00e9es. A ce titre, il est charg\u00e9\u00a0:<\/p>\n<ul>\n<li>&#8211; Du recueil, de l\u2019analyse et de la mise \u00e0 la disposition des S\u00e9nateurs des informations en provenance des Collectivit\u00e9s Territoriales D\u00e9centralis\u00e9es ;<\/li>\n<li>&#8211; De l\u2019assemblage de la documentation relative aux Collectivit\u00e9s Territoriales D\u00e9centralis\u00e9es ;<\/li>\n<li>Du suivi de la mise en \u0153uvre du processus de d\u00e9centralisation\u00a0;<\/li>\n<li>&#8211; Des \u00e9tudes, et de la recherche en mati\u00e8re de d\u00e9centralisation.<\/li>\n<\/ul>\n<p>\n<\/div><\/div><\/div><\/div><div class=\"kc-elm kc-css-288310 kc_accordion_section group \"><h3 class=\"kc_accordion_header ui-accordion-header\"><span class=\"ui-accordion-header-icon ui-icon\"><\/span><a href=\"#7-la-direction-des-affaires-linguistiques-et-de-la-transcription\" data-prevent=\"scroll\"><i class=\"\"><\/i> 7-\tLa Direction des Affaires Linguistiques et de la Transcription; <\/a><\/h3><div class=\"kc_accordion_content ui-accordion-content kc_clearfix\"><div class=\"kc-panel-body\"><div class=\"kc-elm kc-css-359252 kc_text_block\"><\/p>\n<p>Sous l\u2019autorit\u00e9 d\u2019un Directeur, elle est en charge de la Transcription, de la Traduction, de l\u2019interpr\u00e9tation, de la R\u00e9vision et de la Promotion du Bilinguisme. Elle est sp\u00e9cifiquement responsable\u00a0:<\/p>\n<ul>\n<li>&#8211; De la Transcription et du Journal Officiel des d\u00e9bats ;<\/li>\n<li>&#8211; l\u2019ex\u00e9cution de tous les travaux de traduction et de l\u2019interpr\u00e9tation qui lui sont confi\u00e9s par le Cabinet du Pr\u00e9sident du S\u00e9nat, les Services des Questeurs et le Secr\u00e9tariat G\u00e9n\u00e9ral ;<\/li>\n<li>&#8211; De tous les travaux d\u2019interpr\u00e9tation lors des travaux parlementaires et autres r\u00e9unions du S\u00e9nat ;<\/li>\n<li>&#8211; De la r\u00e9vision des comptes rendus int\u00e9graux devant \u00eatre ins\u00e9r\u00e9s au Journal Officiel des D\u00e9bats ;<\/li>\n<li>&#8211; De la promotion du bilinguisme au S\u00e9nat.<\/li>\n<\/ul>\n<p>\n<\/div><\/div><\/div><\/div><div class=\"kc-elm kc-css-694896 kc_accordion_section group \"><h3 class=\"kc_accordion_header ui-accordion-header\"><span class=\"ui-accordion-header-icon ui-icon\"><\/span><a href=\"#8-la-direction-de-linformation-documentaire\" data-prevent=\"scroll\"><i class=\"\"><\/i> 8-\tLa Direction de l\u2019Information documentaire;<\/a><\/h3><div class=\"kc_accordion_content ui-accordion-content kc_clearfix\"><div class=\"kc-panel-body\"><div class=\"kc-elm kc-css-395703 kc_text_block\"><\/p>\n<p>Elle est charg\u00e9e\u00a0:<\/p>\n<ul>\n<li>&#8211; De la constitution et de la gestion n\u00e9cessaire \u00e0 l\u2019information des S\u00e9nateurs et des services ;<\/li>\n<li>&#8211; De la conservation et de la gestion des archives parlementaires et administratives ;<\/li>\n<li>&#8211; Des recherches documentaires et juridiques.<\/li>\n<\/ul>\n<p>\n<\/div><\/div><\/div><\/div><div class=\"kc-elm kc-css-153313 kc_accordion_section group \"><h3 class=\"kc_accordion_header ui-accordion-header\"><span class=\"ui-accordion-header-icon ui-icon\"><\/span><a href=\"#9-la-direction-du-patrimoine\" data-prevent=\"scroll\"><i class=\"\"><\/i> 9-\tLa direction du Patrimoine ; <\/a><\/h3><div class=\"kc_accordion_content ui-accordion-content kc_clearfix\"><div class=\"kc-panel-body\"><div class=\"kc-elm kc-css-985419 kc_text_block\"><\/p>\n<p>Elle est charg\u00e9e\u00a0:<\/p>\n<ul>\n<li>&#8211; Des \u00e9tudes et de l\u2019exploitation des syst\u00e8mes d\u2019information du S\u00e9nat ;<\/li>\n<li>&#8211; Des \u00e9tudes, de la r\u00e9alisation et du suivi des projets relatifs au infrastructures du S\u00e9nat ;<\/li>\n<li>&#8211; Des \u00e9tudes relatives \u00e0 l\u2019acquisition des \u00e9quipements ;<\/li>\n<li>&#8211; De la maintenance des \u00e9quipements ;<\/li>\n<li>&#8211; De la maintenance et de l\u2019entretien des syst\u00e8mes de transmission du S\u00e9nat ;<\/li>\n<li>&#8211; De la gestion du mat\u00e9riel roulant<\/li>\n<li>&#8211; De l\u2019entretien des b\u00e2timents ;<\/li>\n<li>&#8211; De la gestion et de le s\u00e9curisation du patrimoine du S\u00e9nat ;<\/li>\n<\/ul>\n<p>Elle assure \u00e9galement les fonctions techniques de ma\u00eetre d\u2019ouvrage pour le compte du S\u00e9nat dans la r\u00e9alisation des projets d\u2019infrastructures.<\/p>\n<p>\n<\/div><\/div><\/div><\/div><div class=\"kc-elm kc-css-952243 kc_accordion_section group \"><h3 class=\"kc_accordion_header ui-accordion-header\"><span class=\"ui-accordion-header-icon ui-icon\"><\/span><a href=\"#10-la-direction-des-relations-publiques-et-internationales\" data-prevent=\"scroll\"><i class=\"\"><\/i> 10-\tLa Direction des Relations Publiques et Internationales ; <\/a><\/h3><div class=\"kc_accordion_content ui-accordion-content kc_clearfix\"><div class=\"kc-panel-body\"><div class=\"kc-elm kc-css-930605 kc_text_block\"><\/p>\n<p>En liaison avec les services comp\u00e9tents du Cabinet du Pr\u00e9sident du S\u00e9nat, elle est charg\u00e9e\u00a0:<\/p>\n<ul>\n<li>&#8211; De la Communication ;<\/li>\n<li>&#8211; Des c\u00e9r\u00e9monies et des voyages officiels ;<\/li>\n<li>&#8211; Des relations internationales,<\/li>\n<li>&#8211; Du Secr\u00e9tariat des S\u00e9nateurs<\/li>\n<\/ul>\n<p>\n<\/div><\/div><\/div><\/div><div class=\"kc-elm kc-css-542741 kc_accordion_section group \"><h3 class=\"kc_accordion_header ui-accordion-header\"><span class=\"ui-accordion-header-icon ui-icon\"><\/span><a href=\"#11-la-direction-du-budget-et-de-la-solde\" data-prevent=\"scroll\"><i class=\"\"><\/i> 11-\t La direction du Budget et de la Solde; <\/a><\/h3><div class=\"kc_accordion_content ui-accordion-content kc_clearfix\"><div class=\"kc-panel-body\"><div class=\"kc-elm kc-css-310018 kc_text_block\"><\/p>\n<p>La direction du budget et de la solde est charg\u00e9e\u00a0:<\/p>\n<ul>\n<li>&#8211; De la pr\u00e9paration du budget du S\u00e9nat en concertation avec les Questeurs ;<\/li>\n<li>&#8211; De l\u2019ex\u00e9cution du budget du S\u00e9nat ;<\/li>\n<li>&#8211; Du mandatement des indemnit\u00e9s parlementaires, de la solde des personnels et des pensions ;<\/li>\n<li>&#8211; Des retenues \u00e0 la source et de leur suivi ;<\/li>\n<li>-De la Comptabilit\u00e9-Mati\u00e8re.<\/li>\n<\/ul>\n<p>\n<\/div><\/div><\/div><\/div><div class=\"kc-elm kc-css-821128 kc_accordion_section group \"><h3 class=\"kc_accordion_header ui-accordion-header\"><span class=\"ui-accordion-header-icon ui-icon\"><\/span><a href=\"#12-lagence-comptable\" data-prevent=\"scroll\"><i class=\"\"><\/i> 12-\tL\u2019Agence Comptable ;<\/a><\/h3><div class=\"kc_accordion_content ui-accordion-content kc_clearfix\"><div class=\"kc-panel-body\"><div class=\"kc-elm kc-css-304511 kc_text_block\"><\/p>\n<ul>\n<li>Elle est en charge de:<\/li>\n<li>\u00a0<\/li>\n<li>&#8211; La conservation et de la gestion des fonds et valeurs du S\u00e9nat ;<\/li>\n<li>&#8211; La v\u00e9rification de la r\u00e9gularit\u00e9 des titres de paiement ;<\/li>\n<li>&#8211; Du paiement des d\u00e9penses ;<\/li>\n<li>&#8211; De la tenue de la comptabilit\u00e9 g\u00e9n\u00e9rale de gestion ;<\/li>\n<li>&#8211; De la confection des comptes de gestion ;<\/li>\n<li>&#8211; De l\u2019encaissement et du remboursement des frais d\u2019assurances ;<\/li>\n<li>&#8211; De l\u2019encaissement des recettes, dons et legs au profit du S\u00e9nat.<\/li>\n<\/ul>\n<p>\n<\/div><\/div><\/div><\/div><div class=\"kc-elm kc-css-689940 kc_accordion_section group \"><h3 class=\"kc_accordion_header ui-accordion-header\"><span class=\"ui-accordion-header-icon ui-icon\"><\/span><a href=\"#13-la-direction-des-ressources-humaines\" data-prevent=\"scroll\"><i class=\"\"><\/i> 13-\tLa Direction des ressources Humaines  ;<\/a><\/h3><div class=\"kc_accordion_content ui-accordion-content kc_clearfix\"><div class=\"kc-panel-body\"><div class=\"kc-elm kc-css-371193 kc_text_block\"><\/p>\n<p>Ses missions sont:<\/p>\n<ul>\n<li>&#8211; La gestion administrative des S\u00e9nateurs et des personnels ;<\/li>\n<li>&#8211; La gestion pr\u00e9visionnelle des comp\u00e9tences et des effectifs ;<\/li>\n<li>&#8211; La formation, du perfectionnement et du recyclage des personnels en service au S\u00e9nat ;<\/li>\n<li>&#8211; L\u2019organisation des stages et s\u00e9minaires ;<\/li>\n<li>&#8211; Le suivi et de la formation continue ;<\/li>\n<li>&#8211; Du partenariat avec les institutions de formation sp\u00e9cialis\u00e9es.<\/li>\n<\/ul>\n<p>\n<\/div><\/div><\/div><\/div><div class=\"kc-elm kc-css-522186 kc_accordion_section group \"><h3 class=\"kc_accordion_header ui-accordion-header\"><span class=\"ui-accordion-header-icon ui-icon\"><\/span><a href=\"#14-la-direction-de-laction-sociale-et-medicale\" data-prevent=\"scroll\"><i class=\"\"><\/i> 14-\tLa Direction de l\u2019Action Sociale et M\u00e9dicale.<\/a><\/h3><div class=\"kc_accordion_content ui-accordion-content kc_clearfix\"><div class=\"kc-panel-body\"><div class=\"kc-elm kc-css-783699 kc_text_block\"><\/p>\n<p>Elle est charg\u00e9e\u00a0;<\/p>\n<ul>\n<li>&#8211; De l\u2019\u00e9laboration et de la mise en \u0153uvre de la politique de s\u00e9curit\u00e9 sociale du S\u00e9nat,<\/li>\n<li>&#8211; De la promotion des activit\u00e9s culturelles, sportives et de loisirs ;<\/li>\n<li>&#8211; De la mise en \u0153uvre de l\u2019action sociale en faveur des S\u00e9nateurs, des personnels et de leurs familles ;<\/li>\n<li>&#8211; De l\u2019\u00e9tude des cas sociaux dont le S\u00e9nat est saisi ;<\/li>\n<li>&#8211; Du suivi de la sant\u00e9 des S\u00e9nateurs et des Personnels ;<\/li>\n<li>&#8211; De l\u2019\u00e9laboration et de l\u2019ex\u00e9cution des contrats d\u2019assurance pour les S\u00e9nateurs, les personnels et leurs familles, le cas \u00e9ch\u00e9ant ;<\/li>\n<li>&#8211; De la gestion des assurances des biens meubles et immeubles du S\u00e9nat.<\/li>\n<\/ul>\n<p>\n<\/div><\/div><\/div><\/div><div class=\"kc-elm kc-css-215187 kc_accordion_section group \"><h3 class=\"kc_accordion_header ui-accordion-header\"><span class=\"ui-accordion-header-icon ui-icon\"><\/span><a href=\"#15-la-direction-des-affaires-juridiques\" data-prevent=\"scroll\"><i class=\"\"><\/i> 15-\tLa Direction des affaires Juridiques.<\/a><\/h3><div class=\"kc_accordion_content ui-accordion-content kc_clearfix\"><div class=\"kc-panel-body\"><div class=\"kc-elm kc-css-712292 kc_text_block\"><\/p>\n<p>Sous l&#8217;autorit\u00e9 d&#8217;un Directeur, la direction des Affaires Juridiques assiste le Secr\u00e9taire g\u00e9n\u00e9ral dans ses fonctions de Conseiller juridique du S\u00e9nat. A ce Titre, elle est charg\u00e9e\u00a0:<\/p>\n<ul>\n<li>&#8211; De la r\u00e9glementation et du contentieux ;<\/li>\n<li>&#8211; Des march\u00e9s publics.<\/li>\n<\/ul>\n<ul>\n<li>\u00a0<\/li>\n<\/ul>\n<p>\n<\/div><\/div><\/div><\/div><\/div>\n<\/div><\/div><\/div><\/div><\/section><\/p>\n","protected":false},"excerpt":{"rendered":"","protected":false},"author":1,"featured_media":0,"parent":0,"menu_order":0,"comment_status":"closed","ping_status":"closed","template":"","meta":{"_monsterinsights_skip_tracking":false,"footnotes":""},"folder":[],"class_list":["post-1330","page","type-page","status-publish","hentry"],"_links":{"self":[{"href":"https:\/\/senat.cm\/index.php?rest_route=\/wp\/v2\/pages\/1330","targetHints":{"allow":["GET"]}}],"collection":[{"href":"https:\/\/senat.cm\/index.php?rest_route=\/wp\/v2\/pages"}],"about":[{"href":"https:\/\/senat.cm\/index.php?rest_route=\/wp\/v2\/types\/page"}],"author":[{"embeddable":true,"href":"https:\/\/senat.cm\/index.php?rest_route=\/wp\/v2\/users\/1"}],"replies":[{"embeddable":true,"href":"https:\/\/senat.cm\/index.php?rest_route=%2Fwp%2Fv2%2Fcomments&post=1330"}],"version-history":[{"count":82,"href":"https:\/\/senat.cm\/index.php?rest_route=\/wp\/v2\/pages\/1330\/revisions"}],"predecessor-version":[{"id":4968,"href":"https:\/\/senat.cm\/index.php?rest_route=\/wp\/v2\/pages\/1330\/revisions\/4968"}],"wp:attachment":[{"href":"https:\/\/senat.cm\/index.php?rest_route=%2Fwp%2Fv2%2Fmedia&parent=1330"}],"wp:term":[{"taxonomy":"folder","embeddable":true,"href":"https:\/\/senat.cm\/index.php?rest_route=%2Fwp%2Fv2%2Ffolder&post=1330"}],"curies":[{"name":"wp","href":"https:\/\/api.w.org\/{rel}","templated":true}]}}